{"id":145,"date":"2017-08-14T21:58:58","date_gmt":"2017-08-14T18:58:58","guid":{"rendered":"http:\/\/porvoonurheilijat.fi\/voimistelu\/?page_id=145"},"modified":"2023-08-22T16:59:42","modified_gmt":"2023-08-22T13:59:42","slug":"joukkuevoimistelu","status":"publish","type":"page","link":"https:\/\/porvoonurheilijat.fi\/voimistelu\/joukkuevoimistelu\/","title":{"rendered":"Joukkuevoimistelu"},"content":{"rendered":"\n<figure class=\"wp-block-image size-large\"><img loading=\"lazy\" decoding=\"async\" width=\"1024\" height=\"1024\" src=\"https:\/\/porvoonurheilijat.fi\/voimistelu\/wp-content\/uploads\/sites\/3\/2022\/08\/PU-yhteiskuva-kevat-2022-1024x1024.jpg\" alt=\"\" class=\"wp-image-914\" srcset=\"https:\/\/porvoonurheilijat.fi\/voimistelu\/wp-content\/uploads\/sites\/3\/2022\/08\/PU-yhteiskuva-kevat-2022-1024x1024.jpg 1024w, https:\/\/porvoonurheilijat.fi\/voimistelu\/wp-content\/uploads\/sites\/3\/2022\/08\/PU-yhteiskuva-kevat-2022-300x300.jpg 300w, https:\/\/porvoonurheilijat.fi\/voimistelu\/wp-content\/uploads\/sites\/3\/2022\/08\/PU-yhteiskuva-kevat-2022-150x150.jpg 150w, https:\/\/porvoonurheilijat.fi\/voimistelu\/wp-content\/uploads\/sites\/3\/2022\/08\/PU-yhteiskuva-kevat-2022-768x768.jpg 768w, https:\/\/porvoonurheilijat.fi\/voimistelu\/wp-content\/uploads\/sites\/3\/2022\/08\/PU-yhteiskuva-kevat-2022-1536x1536.jpg 1536w, https:\/\/porvoonurheilijat.fi\/voimistelu\/wp-content\/uploads\/sites\/3\/2022\/08\/PU-yhteiskuva-kevat-2022-2048x2048.jpg 2048w, https:\/\/porvoonurheilijat.fi\/voimistelu\/wp-content\/uploads\/sites\/3\/2022\/08\/PU-yhteiskuva-kevat-2022-100x100.jpg 100w\" sizes=\"auto, (max-width: 767px) 89vw, (max-width: 1000px) 54vw, (max-width: 1071px) 543px, 580px\" \/><figcaption class=\"wp-element-caption\">Porvoon Urheilijoiden joukkuevoimistelijoiden yhteiskuva kev\u00e4tn\u00e4yt\u00f6ksess\u00e4 2022.<\/figcaption><\/figure>\n\n\n<h2><strong>PU:n joukkuevoimistelun UUDET nettisivut osoitteessa:<a href=\"https:\/\/porvoonurheilijat.fi\/jvoimistelu\"> https:\/\/porvoonurheilijat.fi\/jvoimistelu<\/a><\/strong><\/h2>\n<p>\u00a0<\/p>\n<p><strong>Lis\u00e4tiedot ja yhteydenotot joukkuevoimisteluun liittyen:<\/strong> laura.sandberg30@gmail.com<\/p>\n<p><strong>L\u00f6yd\u00e4t meid\u00e4t my\u00f6s sosiaalisesta mediasta:<\/strong><br \/><strong>Instagramista nimell\u00e4 @pu_agg<\/strong><br \/><strong>Facebookista nimell\u00e4 PU Joukkuevoimistelu<\/strong><\/p>\n<p><strong>Instagramista voi seurata seuramme kahden vanhimman joukkueen Eloisan ja Edinan kuulumisia k\u00e4ytt\u00e4j\u00e4nimien @eloisa_agg ja @edina_agg alta.<br \/><\/strong><\/p>\n\n\n<figure class=\"wp-block-image size-large\"><img loading=\"lazy\" decoding=\"async\" width=\"1024\" height=\"1024\" src=\"https:\/\/porvoonurheilijat.fi\/voimistelu\/wp-content\/uploads\/sites\/3\/2021\/08\/Pallot-1024x1024.jpg\" alt=\"\" class=\"wp-image-720\" srcset=\"https:\/\/porvoonurheilijat.fi\/voimistelu\/wp-content\/uploads\/sites\/3\/2021\/08\/Pallot-1024x1024.jpg 1024w, https:\/\/porvoonurheilijat.fi\/voimistelu\/wp-content\/uploads\/sites\/3\/2021\/08\/Pallot-300x300.jpg 300w, https:\/\/porvoonurheilijat.fi\/voimistelu\/wp-content\/uploads\/sites\/3\/2021\/08\/Pallot-150x150.jpg 150w, https:\/\/porvoonurheilijat.fi\/voimistelu\/wp-content\/uploads\/sites\/3\/2021\/08\/Pallot-768x768.jpg 768w, https:\/\/porvoonurheilijat.fi\/voimistelu\/wp-content\/uploads\/sites\/3\/2021\/08\/Pallot-100x100.jpg 100w, https:\/\/porvoonurheilijat.fi\/voimistelu\/wp-content\/uploads\/sites\/3\/2021\/08\/Pallot.jpg 1440w\" sizes=\"auto, (max-width: 767px) 89vw, (max-width: 1000px) 54vw, (max-width: 1071px) 543px, 580px\" \/><figcaption class=\"wp-element-caption\">Pallot valmiina syyskauteen 2021<\/figcaption><\/figure>\n","protected":false},"excerpt":{"rendered":"<p>PU:n joukkuevoimistelun UUDET nettisivut osoitteessa: https:\/\/porvoonurheilijat.fi\/jvoimistelu \u00a0 Lis\u00e4tiedot ja yhteydenotot joukkuevoimisteluun liittyen: laura.sandberg30@gmail.com L\u00f6yd\u00e4t meid\u00e4t my\u00f6s sosiaalisesta mediasta:Instagramista nimell\u00e4 @pu_aggFacebookista nimell\u00e4 PU Joukkuevoimistelu Instagramista voi seurata seuramme kahden vanhimman joukkueen Eloisan ja Edinan kuulumisia k\u00e4ytt\u00e4j\u00e4nimien @eloisa_agg ja @edina_agg alta.<\/p>\n","protected":false},"author":3,"featured_media":0,"parent":0,"menu_order":0,"comment_status":"closed","ping_status":"closed","template":"","meta":{"footnotes":""},"class_list":["post-145","page","type-page","status-publish","hentry"],"_links":{"self":[{"href":"https:\/\/porvoonurheilijat.fi\/voimistelu\/wp-json\/wp\/v2\/pages\/145","targetHints":{"allow":["GET"]}}],"collection":[{"href":"https:\/\/porvoonurheilijat.fi\/voimistelu\/wp-json\/wp\/v2\/pages"}],"about":[{"href":"https:\/\/porvoonurheilijat.fi\/voimistelu\/wp-json\/wp\/v2\/types\/page"}],"author":[{"embeddable":true,"href":"https:\/\/porvoonurheilijat.fi\/voimistelu\/wp-json\/wp\/v2\/users\/3"}],"replies":[{"embeddable":true,"href":"https:\/\/porvoonurheilijat.fi\/voimistelu\/wp-json\/wp\/v2\/comments?post=145"}],"version-history":[{"count":53,"href":"https:\/\/porvoonurheilijat.fi\/voimistelu\/wp-json\/wp\/v2\/pages\/145\/revisions"}],"predecessor-version":[{"id":1028,"href":"https:\/\/porvoonurheilijat.fi\/voimistelu\/wp-json\/wp\/v2\/pages\/145\/revisions\/1028"}],"wp:attachment":[{"href":"https:\/\/porvoonurheilijat.fi\/voimistelu\/wp-json\/wp\/v2\/media?parent=145"}],"curies":[{"name":"wp","href":"https:\/\/api.w.org\/{rel}","templated":true}]}}